{"id":30,"date":"2015-03-17T17:41:46","date_gmt":"2015-03-17T16:41:46","guid":{"rendered":"https:\/\/www.berndwertz.be\/fr\/?page_id=30"},"modified":"2015-08-16T14:56:32","modified_gmt":"2015-08-16T13:56:32","slug":"impressum","status":"publish","type":"page","link":"https:\/\/www.berndwertz.be\/fr\/impressum\/","title":{"rendered":"Mentions l\u00e9gales"},"content":{"rendered":"<p>Copyright \u00a9 Bernd Wertz<\/p>\n<p>Tous droits r\u00e9serv\u00e9s<\/p>\n<p>Editeur responsable:<\/p>\n<p>Bernd Wertz<\/p>\n<p>Concept &amp; r\u00e9alisation du site web: schroeder.j@mac.com<\/p>\n<p>Nota:<\/p>\n<p>Texte, photos, graphismes, son, animations et vid\u00e9os, ainsi que leur agencement sur ce site Web, sont soumis \u00e0 la protection du droit d&rsquo;auteur et \u00e0 d&rsquo;autres lois relatives \u00e0 la protection. Le contenu de ce site Web ne doit pas \u00eatre copi\u00e9, diffus\u00e9, modifi\u00e9 ou rendu accessible \u00e0 des tiers \u00e0 des fins commerciales. Ce site Web contient en outre des images sur lesquelles des tiers d\u00e9tiennent le copyright.<\/p>\n<p>Ce site Web a \u00e9t\u00e9 cr\u00e9\u00e9 avec le plus grand soin. Malgr\u00e9 tout, l&rsquo;\u00e9diteur responsable et les producteurs ne peuvent pas garantir que les informations qu&rsquo;il contient sont exemptes d&rsquo;erreur et parfaitement correctes. Ils d\u00e9gagent toute responsabilit\u00e9 pour des dommages qui r\u00e9sulteraient directement ou indirectement de l&rsquo;utilisation de ce site Web.<\/p>\n<p>Droits de jouissance:<\/p>\n<p>La propri\u00e9t\u00e9 intellectuelle qui est contenue dans ce site Web est prot\u00e9g\u00e9e. Par la publication de ce site Web, les producteurs n&rsquo;accordent aucune licence \u00e0 des tiers quelconques pour l&rsquo;utilisation de cette propri\u00e9t\u00e9. Les producteurs ne peuvent pas \u00eatre rendus responsable des contenus qui ont \u00e9t\u00e9 ins\u00e9r\u00e9s par le client et ses r\u00e9dacteurs (textes, images, liens (y compris les droits de jouissance).<\/p>\n","protected":false},"excerpt":{"rendered":"<p>Copyright \u00a9 Bernd Wertz Tous droits r\u00e9serv\u00e9s Editeur responsable: Bernd Wertz Concept &amp; r\u00e9alisation du site web: schroeder.j@mac.com Nota: Texte, photos, graphismes, son, animations et vid\u00e9os, ainsi que leur agencement sur ce site Web, sont soumis \u00e0 la protection du droit d&rsquo;auteur et \u00e0 d&rsquo;autres lois relatives \u00e0 la protection. Le contenu de ce site [&hellip;]<\/p>\n","protected":false},"author":1,"featured_media":0,"parent":0,"menu_order":0,"comment_status":"open","ping_status":"open","template":"content-page.php","meta":{"ngg_post_thumbnail":0},"yoast_head":"<!-- This site is optimized with the Yoast SEO plugin v18.3 - https:\/\/yoast.com\/wordpress\/plugins\/seo\/ -->\n<title>Mentions l\u00e9gales<\/title>\n<meta name=\"description\" content=\"Mentions l\u00e9gales.\" \/>\n<meta name=\"robots\" content=\"index, follow, max-snippet:-1, max-image-preview:large, max-video-preview:-1\" \/>\n<link rel=\"canonical\" href=\"https:\/\/www.berndwertz.be\/fr\/impressum\/\" \/>\n<meta property=\"og:locale\" content=\"fr_FR\" \/>\n<meta property=\"og:type\" content=\"article\" \/>\n<meta property=\"og:title\" content=\"Mentions l\u00e9gales\" \/>\n<meta property=\"og:description\" content=\"Mentions l\u00e9gales.\" \/>\n<meta property=\"og:url\" content=\"https:\/\/www.berndwertz.be\/fr\/impressum\/\" \/>\n<meta property=\"og:site_name\" content=\"Bernd Wertz\" \/>\n<meta property=\"article:modified_time\" content=\"2015-08-16T13:56:32+00:00\" \/>\n<meta name=\"twitter:card\" content=\"summary\" \/>\n<meta name=\"twitter:label1\" content=\"Dur\u00e9e de lecture estim\u00e9e\" \/>\n\t<meta name=\"twitter:data1\" content=\"1 minute\" \/>\n<script type=\"application\/ld+json\" class=\"yoast-schema-graph\">{\"@context\":\"https:\/\/schema.org\",\"@graph\":[{\"@type\":\"Organization\",\"@id\":\"https:\/\/www.berndwertz.be\/fr\/#organization\",\"name\":\"Bernd Wertz\",\"url\":\"https:\/\/www.berndwertz.be\/fr\/\",\"sameAs\":[],\"logo\":{\"@type\":\"ImageObject\",\"@id\":\"https:\/\/www.berndwertz.be\/fr\/#logo\",\"inLanguage\":\"fr-FR\",\"url\":\"https:\/\/www.berndwertz.be\/fr\/wp-content\/uploads\/sites\/2\/2015\/08\/colonne.png\",\"contentUrl\":\"https:\/\/www.berndwertz.be\/fr\/wp-content\/uploads\/sites\/2\/2015\/08\/colonne.png\",\"width\":140,\"height\":140,\"caption\":\"Bernd Wertz\"},\"image\":{\"@id\":\"https:\/\/www.berndwertz.be\/fr\/#logo\"}},{\"@type\":\"WebSite\",\"@id\":\"https:\/\/www.berndwertz.be\/fr\/#website\",\"url\":\"https:\/\/www.berndwertz.be\/fr\/\",\"name\":\"Bernd Wertz\",\"description\":\"Bernd Wertz - Mobilier\",\"publisher\":{\"@id\":\"https:\/\/www.berndwertz.be\/fr\/#organization\"},\"potentialAction\":[{\"@type\":\"SearchAction\",\"target\":{\"@type\":\"EntryPoint\",\"urlTemplate\":\"https:\/\/www.berndwertz.be\/fr\/?s={search_term_string}\"},\"query-input\":\"required name=search_term_string\"}],\"inLanguage\":\"fr-FR\"},{\"@type\":\"WebPage\",\"@id\":\"https:\/\/www.berndwertz.be\/fr\/impressum\/#webpage\",\"url\":\"https:\/\/www.berndwertz.be\/fr\/impressum\/\",\"name\":\"Mentions l\u00e9gales\",\"isPartOf\":{\"@id\":\"https:\/\/www.berndwertz.be\/fr\/#website\"},\"datePublished\":\"2015-03-17T16:41:46+00:00\",\"dateModified\":\"2015-08-16T13:56:32+00:00\",\"description\":\"Mentions l\u00e9gales.\",\"breadcrumb\":{\"@id\":\"https:\/\/www.berndwertz.be\/fr\/impressum\/#breadcrumb\"},\"inLanguage\":\"fr-FR\",\"potentialAction\":[{\"@type\":\"ReadAction\",\"target\":[\"https:\/\/www.berndwertz.be\/fr\/impressum\/\"]}]},{\"@type\":\"BreadcrumbList\",\"@id\":\"https:\/\/www.berndwertz.be\/fr\/impressum\/#breadcrumb\",\"itemListElement\":[{\"@type\":\"ListItem\",\"position\":1,\"name\":\"Accueil\",\"item\":\"https:\/\/www.berndwertz.be\/fr\/\"},{\"@type\":\"ListItem\",\"position\":2,\"name\":\"Mentions l\u00e9gales\"}]}]}<\/script>\n<!-- \/ Yoast SEO plugin. -->","yoast_head_json":{"title":"Mentions l\u00e9gales","description":"Mentions l\u00e9gales.","robots":{"index":"index","follow":"follow","max-snippet":"max-snippet:-1","max-image-preview":"max-image-preview:large","max-video-preview":"max-video-preview:-1"},"canonical":"https:\/\/www.berndwertz.be\/fr\/impressum\/","og_locale":"fr_FR","og_type":"article","og_title":"Mentions l\u00e9gales","og_description":"Mentions l\u00e9gales.","og_url":"https:\/\/www.berndwertz.be\/fr\/impressum\/","og_site_name":"Bernd Wertz","article_modified_time":"2015-08-16T13:56:32+00:00","twitter_card":"summary","twitter_misc":{"Dur\u00e9e de lecture estim\u00e9e":"1 minute"},"schema":{"@context":"https:\/\/schema.org","@graph":[{"@type":"Organization","@id":"https:\/\/www.berndwertz.be\/fr\/#organization","name":"Bernd Wertz","url":"https:\/\/www.berndwertz.be\/fr\/","sameAs":[],"logo":{"@type":"ImageObject","@id":"https:\/\/www.berndwertz.be\/fr\/#logo","inLanguage":"fr-FR","url":"https:\/\/www.berndwertz.be\/fr\/wp-content\/uploads\/sites\/2\/2015\/08\/colonne.png","contentUrl":"https:\/\/www.berndwertz.be\/fr\/wp-content\/uploads\/sites\/2\/2015\/08\/colonne.png","width":140,"height":140,"caption":"Bernd Wertz"},"image":{"@id":"https:\/\/www.berndwertz.be\/fr\/#logo"}},{"@type":"WebSite","@id":"https:\/\/www.berndwertz.be\/fr\/#website","url":"https:\/\/www.berndwertz.be\/fr\/","name":"Bernd Wertz","description":"Bernd Wertz - Mobilier","publisher":{"@id":"https:\/\/www.berndwertz.be\/fr\/#organization"},"potentialAction":[{"@type":"SearchAction","target":{"@type":"EntryPoint","urlTemplate":"https:\/\/www.berndwertz.be\/fr\/?s={search_term_string}"},"query-input":"required name=search_term_string"}],"inLanguage":"fr-FR"},{"@type":"WebPage","@id":"https:\/\/www.berndwertz.be\/fr\/impressum\/#webpage","url":"https:\/\/www.berndwertz.be\/fr\/impressum\/","name":"Mentions l\u00e9gales","isPartOf":{"@id":"https:\/\/www.berndwertz.be\/fr\/#website"},"datePublished":"2015-03-17T16:41:46+00:00","dateModified":"2015-08-16T13:56:32+00:00","description":"Mentions l\u00e9gales.","breadcrumb":{"@id":"https:\/\/www.berndwertz.be\/fr\/impressum\/#breadcrumb"},"inLanguage":"fr-FR","potentialAction":[{"@type":"ReadAction","target":["https:\/\/www.berndwertz.be\/fr\/impressum\/"]}]},{"@type":"BreadcrumbList","@id":"https:\/\/www.berndwertz.be\/fr\/impressum\/#breadcrumb","itemListElement":[{"@type":"ListItem","position":1,"name":"Accueil","item":"https:\/\/www.berndwertz.be\/fr\/"},{"@type":"ListItem","position":2,"name":"Mentions l\u00e9gales"}]}]}},"_links":{"self":[{"href":"https:\/\/www.berndwertz.be\/fr\/wp-json\/wp\/v2\/pages\/30"}],"collection":[{"href":"https:\/\/www.berndwertz.be\/fr\/wp-json\/wp\/v2\/pages"}],"about":[{"href":"https:\/\/www.berndwertz.be\/fr\/wp-json\/wp\/v2\/types\/page"}],"author":[{"embeddable":true,"href":"https:\/\/www.berndwertz.be\/fr\/wp-json\/wp\/v2\/users\/1"}],"replies":[{"embeddable":true,"href":"https:\/\/www.berndwertz.be\/fr\/wp-json\/wp\/v2\/comments?post=30"}],"version-history":[{"count":5,"href":"https:\/\/www.berndwertz.be\/fr\/wp-json\/wp\/v2\/pages\/30\/revisions"}],"predecessor-version":[{"id":119,"href":"https:\/\/www.berndwertz.be\/fr\/wp-json\/wp\/v2\/pages\/30\/revisions\/119"}],"wp:attachment":[{"href":"https:\/\/www.berndwertz.be\/fr\/wp-json\/wp\/v2\/media?parent=30"}],"curies":[{"name":"wp","href":"https:\/\/api.w.org\/{rel}","templated":true}]}}